{"id":4007,"date":"2021-09-01T11:59:51","date_gmt":"2021-09-01T11:59:51","guid":{"rendered":"https:\/\/urexport.com.uy\/?page_id=4007"},"modified":"2023-07-03T21:18:56","modified_gmt":"2023-07-03T21:18:56","slug":"quienes-somos","status":"publish","type":"page","link":"https:\/\/www.urexport.com.uy\/?page_id=4007","title":{"rendered":"Qui\u00e9nes somos"},"content":{"rendered":"<p>[vc_row tm_bgcolor=&#8221;grey&#8221; tm_bgimagefixed=&#8221;&#8221; break_in_responsive=&#8221;991&#8243; full_width=&#8221;stretch_row&#8221; tm_responsive_css=&#8221;10323992|colbreak_no|||||||||colbreak_no|||||20px||25px||colbreak_no||||||||||colbreak_no|||||||||&#8221; css=&#8221;.vc_custom_1631558440447{background-color: #ffffff !important;}&#8221;][vc_column width=&#8221;1\/2&#8243;][vc_single_image image=&#8221;4689&#8243; img_size=&#8221;full&#8221; css_animation=&#8221;top-to-bottom&#8221;][\/vc_column][vc_column reduce_extra_padding=&#8221;991&#8243; width=&#8221;1\/2&#8243; css=&#8221;.vc_custom_1549027133600{padding-left: 5px !important;}&#8221;][vc_empty_space height=&#8221;42px&#8221;]<div class=\"tm-element-heading-wrapper tm-heading-inner tm-element-align-left tm-seperator-none tm-heading-style-vertical \"><section class=\"tm-vc_cta3-container\"><div class=\"tm-vc_general tm-vc_cta3 tm-cta3-only tm-vc_cta3-style-classic tm-vc_cta3-shape-rounded tm-vc_cta3-align-left tm-vc_cta3-color-transparent tm-vc_cta3-icon-size-md tm-vc_cta3-actions-no tm-cta3-without-desc\"><div class=\"tm-vc_cta3_content-container\"><div class=\"tm-vc_cta3-content\"><header class=\"tm-vc_cta3-content-header tm-wrap\"><div class=\"tm-vc_cta3-headers tm-wrap-cell\"><h4 class=\"tm-custom-heading \" >Acerca de Urexport<\/h4>\n<h2 class=\"tm-custom-heading \" >Institucional<\/h2>\n<\/div><\/header><\/div><\/div><\/div><\/section><\/div> <!-- .tm-element-heading-wrapper container --> [vc_column_text]Desde 1965 ofrece a sus clientes los mejores productos congelados bajo un fuerte compromiso, en \u00f3ptimas condiciones sanitarias, con lealtad comercial y calidad.<\/p>\n<p>Nuestra Planta posee todas las habilitaciones oficiales para exportar a los mercados de destino, que aplican los m\u00e1s altos est\u00e1ndares sanitarios y de trazabilidad, implementados y supervisados por un experimentado equipo de trabajo que asegura la calidad e inocuidad de los productos.[\/vc_column_text][\/vc_column][\/vc_row][vc_row tm_bgimagefixed=&#8221;&#8221; full_width=&#8221;stretch_row&#8221; tm_responsive_css=&#8221;20302660|colbreak_no|||||||||colbreak_no|||||40px||110px||colbreak_no||||||||||colbreak_no|||||||||&#8221; css=&#8221;.vc_custom_1631559101929{padding-bottom: 50px !important;}&#8221;][vc_column]<div class=\"tm-element-heading-wrapper tm-heading-inner tm-element-align-center tm-seperator-none tm-heading-style-vertical \"><section class=\"tm-vc_cta3-container\"><div class=\"tm-vc_general tm-vc_cta3 tm-cta3-only tm-vc_cta3-style-classic tm-vc_cta3-shape-rounded tm-vc_cta3-align-center tm-vc_cta3-color-transparent tm-vc_cta3-icon-size-md tm-vc_cta3-actions-no tm-cta3-without-desc\"><div class=\"tm-vc_cta3_content-container\"><div class=\"tm-vc_cta3-content\"><header class=\"tm-vc_cta3-content-header tm-wrap\"><div class=\"tm-vc_cta3-headers tm-wrap-cell\"><h2 class=\"tm-custom-heading \" >Equipo de Direcci\u00f3n<\/h2>\n<\/div><\/header><\/div><\/div><\/div><\/section><\/div> <!-- .tm-element-heading-wrapper container --> [vc_row_inner][vc_column_inner width=&#8221;1\/4&#8243;][vc_column_text css_animation=&#8221;bottom-to-top&#8221; el_class=&#8221;hvr-grow&#8221;]<img loading=\"lazy\" class=\"aligncenter wp-image-4441 size-full\" src=\"https:\/\/urexport.com.uy\/wp-content\/uploads\/2021\/10\/ing-juan-riva-zucchelli.jpg\" alt=\"\" width=\"600\" height=\"600\" srcset=\"https:\/\/www.urexport.com.uy\/wp-content\/uploads\/2021\/10\/ing-juan-riva-zucchelli.jpg 600w, https:\/\/www.urexport.com.uy\/wp-content\/uploads\/2021\/10\/ing-juan-riva-zucchelli-300x300.jpg 300w, https:\/\/www.urexport.com.uy\/wp-content\/uploads\/2021\/10\/ing-juan-riva-zucchelli-150x150.jpg 150w\" sizes=\"(max-width: 600px) 100vw, 600px\" \/>[\/vc_column_text][vc_empty_space][vc_column_text]<\/p>\n<h5 style=\"text-align: center;\">Ing. Juan Riva-Zucchelli<\/h5>\n<p style=\"text-align: center;\">Director<\/p>\n<p>[\/vc_column_text][vc_empty_space height=&#8221;45px&#8221;][\/vc_column_inner][vc_column_inner width=&#8221;1\/4&#8243;][vc_column_text css_animation=&#8221;bottom-to-top&#8221; el_class=&#8221;hvr-grow&#8221;]<img loading=\"lazy\" class=\"alignnone wp-image-4440 size-full\" src=\"https:\/\/urexport.com.uy\/wp-content\/uploads\/2021\/10\/arq-fernando-ruiz.jpg\" alt=\"\" width=\"600\" height=\"600\" srcset=\"https:\/\/www.urexport.com.uy\/wp-content\/uploads\/2021\/10\/arq-fernando-ruiz.jpg 600w, https:\/\/www.urexport.com.uy\/wp-content\/uploads\/2021\/10\/arq-fernando-ruiz-300x300.jpg 300w, https:\/\/www.urexport.com.uy\/wp-content\/uploads\/2021\/10\/arq-fernando-ruiz-150x150.jpg 150w\" sizes=\"(max-width: 600px) 100vw, 600px\" \/>\u200b\u200b[\/vc_column_text][vc_empty_space][vc_column_text]<\/p>\n<h5 style=\"text-align: center;\">Arq. Fernando Ruiz<\/h5>\n<p style=\"text-align: center;\">Director<\/p>\n<p>[\/vc_column_text][vc_empty_space height=&#8221;45px&#8221;][\/vc_column_inner][vc_column_inner width=&#8221;1\/4&#8243;][vc_column_text css_animation=&#8221;bottom-to-top&#8221; el_class=&#8221;hvr-grow&#8221;]<img loading=\"lazy\" class=\"aligncenter wp-image-4510 size-full\" src=\"https:\/\/urexport.com.uy\/wp-content\/uploads\/2021\/12\/enrique-figueroa.jpg\" alt=\"\" width=\"600\" height=\"600\" srcset=\"https:\/\/www.urexport.com.uy\/wp-content\/uploads\/2021\/12\/enrique-figueroa.jpg 600w, https:\/\/www.urexport.com.uy\/wp-content\/uploads\/2021\/12\/enrique-figueroa-300x300.jpg 300w, https:\/\/www.urexport.com.uy\/wp-content\/uploads\/2021\/12\/enrique-figueroa-150x150.jpg 150w\" sizes=\"(max-width: 600px) 100vw, 600px\" \/>[\/vc_column_text][vc_empty_space][vc_column_text]<\/p>\n<h5 style=\"text-align: center;\">Lic. Enrique Figueroa<\/h5>\n<p style=\"text-align: center;\">Gerente General<\/p>\n<p>[\/vc_column_text][vc_empty_space height=&#8221;45px&#8221;][\/vc_column_inner][vc_column_inner width=&#8221;1\/4&#8243;][vc_column_text css_animation=&#8221;bottom-to-top&#8221; el_class=&#8221;hvr-grow&#8221;]<img loading=\"lazy\" class=\"aligncenter wp-image-4511 size-full\" src=\"https:\/\/urexport.com.uy\/wp-content\/uploads\/2021\/12\/ariel-cousillas.jpg\" alt=\"\" width=\"600\" height=\"600\" srcset=\"https:\/\/www.urexport.com.uy\/wp-content\/uploads\/2021\/12\/ariel-cousillas.jpg 600w, https:\/\/www.urexport.com.uy\/wp-content\/uploads\/2021\/12\/ariel-cousillas-300x300.jpg 300w, https:\/\/www.urexport.com.uy\/wp-content\/uploads\/2021\/12\/ariel-cousillas-150x150.jpg 150w\" sizes=\"(max-width: 600px) 100vw, 600px\" \/>[\/vc_column_text][vc_empty_space][vc_column_text]<\/p>\n<h5 style=\"text-align: center;\">Cr. Ariel Cousillas<\/h5>\n<p style=\"text-align: center;\">Gerente de Adm. y Finanzas<\/p>\n<p>[\/vc_column_text][vc_empty_space height=&#8221;45px&#8221;][\/vc_column_inner][\/vc_row_inner][\/vc_column][\/vc_row][vc_row tm_bgcolor=&#8221;grey&#8221; tm_bgimagefixed=&#8221;&#8221; break_in_responsive=&#8221;991&#8243; full_width=&#8221;stretch_row&#8221; tm_responsive_css=&#8221;10323992|colbreak_no|||||||||colbreak_no|||||20px||25px||colbreak_no||||||||||colbreak_no|||||||||&#8221; css=&#8221;.vc_custom_1630977137222{padding-top: 90px !important;padding-bottom: 90px !important;background-color: #231f20 !important;}&#8221; el_id=&#8221;historia&#8221;][vc_column reduce_extra_padding=&#8221;991&#8243; width=&#8221;1\/2&#8243; css=&#8221;.vc_custom_1549027133600{padding-left: 5px !important;}&#8221;][vc_empty_space height=&#8221;22px&#8221;]<div class=\"tm-element-heading-wrapper tm-heading-inner tm-element-align-left tm-seperator-none tm-heading-style-vertical \"><section class=\"tm-vc_cta3-container\"><div class=\"tm-vc_general tm-vc_cta3 tm-cta3-only tm-vc_cta3-style-classic tm-vc_cta3-shape-rounded tm-vc_cta3-align-left tm-vc_cta3-color-transparent tm-vc_cta3-icon-size-md tm-vc_cta3-actions-no tm-cta3-without-desc\"><div class=\"tm-vc_cta3_content-container\"><div class=\"tm-vc_cta3-content\"><header class=\"tm-vc_cta3-content-header tm-wrap\"><div class=\"tm-vc_cta3-headers tm-wrap-cell\"><h4 class=\"tm-custom-heading \" >56 a\u00f1os trabajando<\/h4>\n<h2 style=\"color:#ffffff;\" class=\"tm-custom-heading \" >Historia<\/h2>\n<\/div><\/header><\/div><\/div><\/div><\/section><\/div> <!-- .tm-element-heading-wrapper container --> [vc_column_text]<span style=\"color: #999999;\">La historia se inici\u00f3 el 13 de agosto de 1965 cuando dos amigos, \u00c1ngelo Narizano y Guillermo Riva-Zucchelli, decidieron crear en Uruguay una empresa innovadora dirigida a explorar el potencial exportador de nuevos productos destinados a los mercados europeos.<\/span><\/p>\n<p><span style=\"color: #999999;\">Se comenz\u00f3 por identificar en el sector de la faena de ganado algunos productos que no ofrec\u00edan atractivo para las grandes empresas que entonces concentraban la industrializaci\u00f3n y comercializaci\u00f3n de carne, cueros y lana. El emprendimiento se consolid\u00f3 en la exportaci\u00f3n de sub-productos de la faena c\u00e1rnica con destino a las industrias farmac\u00e9utica y de pet food europeas.<\/span><\/p>\n<p><span style=\"color: #999999;\">Hacia 1968 se integr\u00f3 a la firma como tercer socio Claudio Ruiz Fraga, a la vez que se consolidaron importantes inversiones financieras destinadas a mejorar la infraestructura edilicia, incorporar nuevos equipos e incrementar el volumen de los productos acorde a la creciente demanda de los clientes.<\/span><\/p>\n<p><span style=\"color: #999999;\">Desde el inicio se defini\u00f3 que la naciente sociedad deb\u00eda edificarse sobre tres pilares que contin\u00faan rigiendo nuestra actividad: <strong>estricto cumplimiento de los contratos, b\u00fasqueda constante de la satisfacci\u00f3n de los clientes y una pol\u00edtica de reinversi\u00f3n de utilidades. <\/strong><\/span>[\/vc_column_text][\/vc_column][vc_column width=&#8221;1\/2&#8243;][vc_single_image image=&#8221;4450&#8243; img_size=&#8221;full&#8221; css_animation=&#8221;bottom-to-top&#8221;][\/vc_column][\/vc_row][vc_row tm_bgcolor=&#8221;grey&#8221; tm_bgimagefixed=&#8221;&#8221; break_in_responsive=&#8221;991&#8243; full_width=&#8221;stretch_row&#8221; tm_responsive_css=&#8221;10323992|colbreak_no|||||||||colbreak_no|||||20px||25px||colbreak_no||||||||||colbreak_no|||||||||&#8221; css=&#8221;.vc_custom_1631557775414{padding-top: 90px !important;padding-bottom: 155px !important;background-color: #ffffff !important;}&#8221;][vc_column width=&#8221;1\/2&#8243;][vc_single_image image=&#8221;4374&#8243; img_size=&#8221;full&#8221; css_animation=&#8221;bottom-to-top&#8221;][\/vc_column][vc_column reduce_extra_padding=&#8221;991&#8243; width=&#8221;1\/2&#8243; css=&#8221;.vc_custom_1549027133600{padding-left: 5px !important;}&#8221;][vc_empty_space height=&#8221;40px&#8221;]<div class=\"tm-element-heading-wrapper tm-heading-inner tm-element-align-left tm-seperator-none tm-heading-style-vertical \"><section class=\"tm-vc_cta3-container\"><div class=\"tm-vc_general tm-vc_cta3 tm-cta3-only tm-vc_cta3-style-classic tm-vc_cta3-shape-rounded tm-vc_cta3-align-left tm-vc_cta3-color-transparent tm-vc_cta3-icon-size-md tm-vc_cta3-actions-no tm-cta3-without-desc\"><div class=\"tm-vc_cta3_content-container\"><div class=\"tm-vc_cta3-content\"><header class=\"tm-vc_cta3-content-header tm-wrap\"><div class=\"tm-vc_cta3-headers tm-wrap-cell\"><h4 class=\"tm-custom-heading \" >Urexport hoy - Divisi\u00f3n alimentos<\/h4>\n<h2 class=\"tm-custom-heading \" >Nuevos productos, nuevos mercados<\/h2>\n<\/div><\/header><\/div><\/div><\/div><\/section><\/div> <!-- .tm-element-heading-wrapper container --> [vc_column_text]Pensando en la diversificaci\u00f3n de productos y mercados, los socios decidieron en 1978 la construcci\u00f3n de una nueva planta procesadora, en este caso para productos comestibles, que se enfoc\u00f3 en la industrializaci\u00f3n y congelaci\u00f3n de productos del mar. Se constituy\u00f3 as\u00ed la <strong>Divisi\u00f3n de Alimentos<\/strong>, que a trav\u00e9s de su marca <strong>KRIOS\u00ae <\/strong>r\u00e1pidamente consolid\u00f3 una importante operativa basada en la exportaci\u00f3n a una amplia variedad de mercados.[\/vc_column_text][vc_column_text]Con el transcurso de los a\u00f1os los socios delegaron la direcci\u00f3n de la empresa en sus hijos, quienes han manteniendo el esp\u00edritu emprendedor de la primera generaci\u00f3n ampliando la pol\u00edtica de inversiones a trav\u00e9s de la adquisici\u00f3n de una flota pesquera que constituye hoy la principal fuente de suministro de la Divisi\u00f3n de Alimentos.<strong><br \/>\n<\/strong>[\/vc_column_text][\/vc_column][\/vc_row]<\/p>\n","protected":false},"excerpt":{"rendered":"<p>[vc_row tm_bgcolor=&#8221;grey&#8221; tm_bgimagefixed=&#8221;&#8221; break_in_responsive=&#8221;991&#8243; full_width=&#8221;stretch_row&#8221; tm_responsive_css=&#8221;10323992|colbreak_no|||||||||colbreak_no|||||20px||25px||colbreak_no||||||||||colbreak_no|||||||||&#8221; css=&#8221;.vc_custom_1631558440447{background-color: #ffffff !important;}&#8221;][vc_column width=&#8221;1\/2&#8243;][vc_single_image image=&#8221;4689&#8243; img_size=&#8221;full&#8221; css_animation=&#8221;top-to-bottom&#8221;][\/vc_column][vc_column reduce_extra_padding=&#8221;991&#8243; width=&#8221;1\/2&#8243; css=&#8221;.vc_custom_1549027133600{padding-left: 5px !important;}&#8221;][vc_empty_space height=&#8221;42px&#8221;][vc_column_text]Desde 1965 ofrece a sus clientes los mejores productos congelados bajo un fuerte compromiso, en \u00f3ptimas condiciones sanitarias, con lealtad comercial y calidad. Nuestra Planta posee todas las habilitaciones oficiales para exportar a los mercados de destino, &hellip; <a href=\"https:\/\/www.urexport.com.uy\/?page_id=4007\" class=\"more-link\">Continue reading <span class=\"screen-reader-text\">Qui\u00e9nes somos<\/span><\/a><\/p>\n","protected":false},"author":2,"featured_media":0,"parent":0,"menu_order":10,"comment_status":"closed","ping_status":"closed","template":"","meta":[],"_links":{"self":[{"href":"https:\/\/www.urexport.com.uy\/index.php?rest_route=\/wp\/v2\/pages\/4007"}],"collection":[{"href":"https:\/\/www.urexport.com.uy\/index.php?rest_route=\/wp\/v2\/pages"}],"about":[{"href":"https:\/\/www.urexport.com.uy\/index.php?rest_route=\/wp\/v2\/types\/page"}],"author":[{"embeddable":true,"href":"https:\/\/www.urexport.com.uy\/index.php?rest_route=\/wp\/v2\/users\/2"}],"replies":[{"embeddable":true,"href":"https:\/\/www.urexport.com.uy\/index.php?rest_route=%2Fwp%2Fv2%2Fcomments&post=4007"}],"version-history":[{"count":69,"href":"https:\/\/www.urexport.com.uy\/index.php?rest_route=\/wp\/v2\/pages\/4007\/revisions"}],"predecessor-version":[{"id":4690,"href":"https:\/\/www.urexport.com.uy\/index.php?rest_route=\/wp\/v2\/pages\/4007\/revisions\/4690"}],"wp:attachment":[{"href":"https:\/\/www.urexport.com.uy\/index.php?rest_route=%2Fwp%2Fv2%2Fmedia&parent=4007"}],"curies":[{"name":"wp","href":"https:\/\/api.w.org\/{rel}","templated":true}]}}